{"id":5939,"date":"2022-11-13T18:29:14","date_gmt":"2022-11-14T00:29:14","guid":{"rendered":"https:\/\/cosefin.org\/?page_id=5939"},"modified":"2026-04-28T08:35:38","modified_gmt":"2026-04-28T14:35:38","slug":"president-pro-tempore","status":"publish","type":"page","link":"https:\/\/cosefin.org\/en\/president-pro-tempore\/","title":{"rendered":"President Pro Tempore"},"content":{"rendered":"[vc_row type=&#8221;full_width_background&#8221; full_screen_row_position=&#8221;middle&#8221; column_margin=&#8221;default&#8221; column_direction=&#8221;default&#8221; column_direction_tablet=&#8221;default&#8221; column_direction_phone=&#8221;default&#8221; bg_color=&#8221;#0f1b2d&#8221; bg_image=&#8221;84&#8243; bg_position=&#8221;left top&#8221; background_image_loading=&#8221;default&#8221; bg_repeat=&#8221;no-repeat&#8221; scene_position=&#8221;center&#8221; top_padding=&#8221;60px&#8221; constrain_group_1=&#8221;yes&#8221; bottom_padding=&#8221;60px&#8221; text_color=&#8221;dark&#8221; text_align=&#8221;left&#8221; row_border_radius=&#8221;none&#8221; row_border_radius_applies=&#8221;bg&#8221; overflow=&#8221;visible&#8221; overlay_strength=&#8221;0.3&#8243; gradient_direction=&#8221;left_to_right&#8221; shape_divider_position=&#8221;bottom&#8221; bg_image_animation=&#8221;none&#8221; gradient_type=&#8221;default&#8221; shape_type=&#8221;&#8221;][vc_column column_padding=&#8221;no-extra-padding&#8221; column_padding_tablet=&#8221;inherit&#8221; column_padding_phone=&#8221;inherit&#8221; column_padding_position=&#8221;all&#8221; column_element_direction_desktop=&#8221;default&#8221; column_element_spacing=&#8221;default&#8221; desktop_text_alignment=&#8221;default&#8221; tablet_text_alignment=&#8221;default&#8221; phone_text_alignment=&#8221;default&#8221; background_color_opacity=&#8221;1&#8243; background_hover_color_opacity=&#8221;1&#8243; column_backdrop_filter=&#8221;none&#8221; column_shadow=&#8221;none&#8221; column_border_radius=&#8221;none&#8221; column_link_target=&#8221;_self&#8221; column_position=&#8221;default&#8221; gradient_direction=&#8221;left_to_right&#8221; overlay_strength=&#8221;0.3&#8243; width=&#8221;1\/1&#8243; tablet_width_inherit=&#8221;default&#8221; animation_type=&#8221;default&#8221; bg_image_animation=&#8221;none&#8221; border_type=&#8221;simple&#8221; column_border_width=&#8221;none&#8221; column_border_style=&#8221;solid&#8221;][vc_custom_heading text=&#8221;President Pro Tempore&#8221; font_container=&#8221;tag:h1|text_align:center|color:%23ffffff&#8221; use_theme_fonts=&#8221;yes&#8221;][\/vc_column][\/vc_row][vc_row type=&#8221;full_width_background&#8221; full_screen_row_position=&#8221;middle&#8221; column_margin=&#8221;default&#8221; equal_height=&#8221;yes&#8221; content_placement=&#8221;middle&#8221; column_direction=&#8221;default&#8221; column_direction_tablet=&#8221;default&#8221; column_direction_phone=&#8221;default&#8221; scene_position=&#8221;center&#8221; top_padding=&#8221;5%&#8221; bottom_padding=&#8221;5%&#8221; text_color=&#8221;dark&#8221; text_align=&#8221;left&#8221; row_border_radius=&#8221;none&#8221; row_border_radius_applies=&#8221;bg&#8221; overflow=&#8221;visible&#8221; overlay_strength=&#8221;0.3&#8243; gradient_direction=&#8221;left_to_right&#8221; shape_divider_position=&#8221;bottom&#8221; bg_image_animation=&#8221;none&#8221; gradient_type=&#8221;default&#8221; shape_type=&#8221;&#8221;][vc_column column_padding=&#8221;no-extra-padding&#8221; column_padding_tablet=&#8221;inherit&#8221; column_padding_phone=&#8221;inherit&#8221; column_padding_position=&#8221;all&#8221; column_element_direction_desktop=&#8221;default&#8221; column_element_spacing=&#8221;default&#8221; desktop_text_alignment=&#8221;default&#8221; tablet_text_alignment=&#8221;default&#8221; phone_text_alignment=&#8221;default&#8221; background_color_opacity=&#8221;1&#8243; background_hover_color_opacity=&#8221;1&#8243; column_backdrop_filter=&#8221;none&#8221; column_shadow=&#8221;none&#8221; column_border_radius=&#8221;none&#8221; column_link_target=&#8221;_self&#8221; column_position=&#8221;default&#8221; gradient_direction=&#8221;left_to_right&#8221; overlay_strength=&#8221;0.3&#8243; width=&#8221;1\/1&#8243; tablet_width_inherit=&#8221;default&#8221; animation_type=&#8221;default&#8221; bg_image_animation=&#8221;none&#8221; border_type=&#8221;simple&#8221; column_border_width=&#8221;none&#8221; column_border_style=&#8221;solid&#8221; offset=&#8221;vc_col-xs-12&#8243;][vc_row_inner column_margin=&#8221;default&#8221; column_direction=&#8221;default&#8221; column_direction_tablet=&#8221;default&#8221; column_direction_phone=&#8221;default&#8221; text_align=&#8221;left&#8221; row_position=&#8221;default&#8221; row_position_tablet=&#8221;inherit&#8221; row_position_phone=&#8221;inherit&#8221; overflow=&#8221;visible&#8221; pointer_events=&#8221;all&#8221;][vc_column_inner column_padding=&#8221;padding-2-percent&#8221; column_padding_tablet=&#8221;inherit&#8221; column_padding_phone=&#8221;inherit&#8221; column_padding_position=&#8221;all&#8221; column_element_direction_desktop=&#8221;default&#8221; column_element_spacing=&#8221;default&#8221; desktop_text_alignment=&#8221;default&#8221; tablet_text_alignment=&#8221;default&#8221; phone_text_alignment=&#8221;default&#8221; background_color_opacity=&#8221;1&#8243; background_hover_color_opacity=&#8221;1&#8243; column_backdrop_filter=&#8221;none&#8221; column_shadow=&#8221;none&#8221; column_border_radius=&#8221;none&#8221; column_link_target=&#8221;_self&#8221; overflow=&#8221;visible&#8221; gradient_direction=&#8221;left_to_right&#8221; overlay_strength=&#8221;0.3&#8243; width=&#8221;1\/2&#8243; tablet_width_inherit=&#8221;default&#8221; animation_type=&#8221;default&#8221; enable_animation=&#8221;true&#8221; animation=&#8221;fade-in-from-bottom&#8221; animation_easing=&#8221;default&#8221; bg_image_animation=&#8221;none&#8221; border_type=&#8221;simple&#8221; column_border_width=&#8221;none&#8221; column_border_style=&#8221;solid&#8221; delay=&#8221;50&#8243; column_padding_type=&#8221;default&#8221; gradient_type=&#8221;default&#8221;][vc_custom_heading text=&#8221;Ministro de Hacienda y Econom\u00eda de Rep\u00fablica Dominicana&#8221; font_container=&#8221;tag:h1|font_size:30px|text_align:left&#8221; use_theme_fonts=&#8221;yes&#8221;][divider line_type=&#8221;No Line&#8221; custom_height=&#8221;20&#8243;][vc_column_text]He has over two decades of experience in the design, implementation, and evaluation of public policies, both nationally and internationally.<\/p>\n<p>He served as Undersecretary of Finance in the government of President Hip\u00f3lito Mej\u00eda, and at the Ministry of Finance, he was Vice Minister of Fiscal Policy and Public Credit, establishing himself as a key technical figure in reform processes and negotiations with international organizations.<\/p>\n<p>He held the position of Director General of Internal Revenue from 2016 to 2020. He has also served as an advisor and consultant to various national public institutions, the Inter-American Development Bank (IDB), the World Bank, and the governments of El Salvador, Honduras, Belize, and Uruguay. Vicente possesses strong professional skills in negotiation, business planning, international business, corporate development, and mergers and acquisitions.<\/p>\n<p>He has held the positions of Director of the Consejo Nacional de la Empresa Privada (CONEP), presidente de la C\u00e1mara de Comercio y Producci\u00f3n de Santo Domingo y de la Asociaci\u00f3n Nacional de J\u00f3venes Empresarios (ANJE). He also taught in the Master&#8217;s program in Financial Management at PUCMM and in the Economic Environment module of the MBA program at Barna Business School.<\/p>\n<p>The Minister of Finance is the managing partner of MacroAnalit, a firm specializing in corporate finance and economics.[\/vc_column_text][\/vc_column_inner][vc_column_inner column_padding=&#8221;no-extra-padding&#8221; column_padding_tablet=&#8221;inherit&#8221; column_padding_phone=&#8221;inherit&#8221; column_padding_position=&#8221;all&#8221; column_element_direction_desktop=&#8221;default&#8221; column_element_spacing=&#8221;default&#8221; desktop_text_alignment=&#8221;default&#8221; tablet_text_alignment=&#8221;default&#8221; phone_text_alignment=&#8221;default&#8221; background_color_opacity=&#8221;1&#8243; background_hover_color_opacity=&#8221;1&#8243; column_backdrop_filter=&#8221;none&#8221; column_shadow=&#8221;none&#8221; column_border_radius=&#8221;none&#8221; column_link_target=&#8221;_self&#8221; overflow=&#8221;visible&#8221; gradient_direction=&#8221;left_to_right&#8221; overlay_strength=&#8221;0.3&#8243; width=&#8221;1\/2&#8243; tablet_width_inherit=&#8221;default&#8221; animation_type=&#8221;default&#8221; bg_image_animation=&#8221;none&#8221; border_type=&#8221;simple&#8221; column_border_width=&#8221;none&#8221; column_border_style=&#8221;solid&#8221;][image_with_animation image_url=&#8221;5115&#8243; image_size=&#8221;full&#8221; animation_type=&#8221;entrance&#8221; animation=&#8221;None&#8221; animation_movement_type=&#8221;transform_y&#8221; hover_animation=&#8221;none&#8221; alignment=&#8221;&#8221; border_radius=&#8221;5px&#8221; box_shadow=&#8221;none&#8221; image_loading=&#8221;default&#8221; max_width=&#8221;100%&#8221; max_width_mobile=&#8221;default&#8221;][vc_column_text]\n<p style=\"text-align: center;\">Current Pro Tempore President of COSEFIN<\/p>\n[\/vc_column_text][\/vc_column_inner][\/vc_row_inner][\/vc_column][\/vc_row][vc_row type=&#8221;in_container&#8221; full_screen_row_position=&#8221;middle&#8221; column_margin=&#8221;default&#8221; column_direction=&#8221;default&#8221; column_direction_tablet=&#8221;default&#8221; column_direction_phone=&#8221;default&#8221; scene_position=&#8221;center&#8221; text_color=&#8221;dark&#8221; text_align=&#8221;left&#8221; row_border_radius=&#8221;none&#8221; row_border_radius_applies=&#8221;bg&#8221; overflow=&#8221;visible&#8221; overlay_strength=&#8221;0.3&#8243; gradient_direction=&#8221;left_to_right&#8221; shape_divider_position=&#8221;bottom&#8221; bg_image_animation=&#8221;none&#8221;][vc_column column_padding=&#8221;no-extra-padding&#8221; column_padding_tablet=&#8221;inherit&#8221; column_padding_phone=&#8221;inherit&#8221; column_padding_position=&#8221;all&#8221; column_element_direction_desktop=&#8221;default&#8221; column_element_spacing=&#8221;default&#8221; desktop_text_alignment=&#8221;default&#8221; tablet_text_alignment=&#8221;default&#8221; phone_text_alignment=&#8221;default&#8221; background_color_opacity=&#8221;1&#8243; background_hover_color_opacity=&#8221;1&#8243; column_backdrop_filter=&#8221;none&#8221; column_shadow=&#8221;none&#8221; column_border_radius=&#8221;none&#8221; column_link_target=&#8221;_self&#8221; column_position=&#8221;default&#8221; gradient_direction=&#8221;left_to_right&#8221; overlay_strength=&#8221;0.3&#8243; width=&#8221;1\/1&#8243; tablet_width_inherit=&#8221;default&#8221; animation_type=&#8221;default&#8221; bg_image_animation=&#8221;none&#8221; border_type=&#8221;simple&#8221; column_border_width=&#8221;none&#8221; column_border_style=&#8221;solid&#8221;][nectar_global_section id=&#8221;81&#8243;][\/vc_column][\/vc_row]\n","protected":false},"excerpt":{"rendered":"<p>[vc_row type=&#8221;full_width_background&#8221; full_screen_row_position=&#8221;middle&#8221; column_margin=&#8221;default&#8221; column_direction=&#8221;default&#8221; column_direction_tablet=&#8221;default&#8221; column_direction_phone=&#8221;default&#8221; bg_color=&#8221;#0f1b2d&#8221; bg_image=&#8221;84&#8243; bg_position=&#8221;left top&#8221; background_image_loading=&#8221;default&#8221; bg_repeat=&#8221;no-repeat&#8221; scene_position=&#8221;center&#8221; top_padding=&#8221;60px&#8221; constrain_group_1=&#8221;yes&#8221; bottom_padding=&#8221;60px&#8221; text_color=&#8221;dark&#8221; text_align=&#8221;left&#8221; row_border_radius=&#8221;none&#8221; row_border_radius_applies=&#8221;bg&#8221; overflow=&#8221;visible&#8221; overlay_strength=&#8221;0.3&#8243; gradient_direction=&#8221;left_to_right&#8221; shape_divider_position=&#8221;bottom&#8221; bg_image_animation=&#8221;none&#8221; gradient_type=&#8221;default&#8221; shape_type=&#8221;&#8221;][vc_column column_padding=&#8221;no-extra-padding&#8221; column_padding_tablet=&#8221;inherit&#8221;&#8230;<\/p>\n","protected":false},"author":9,"featured_media":0,"parent":0,"menu_order":0,"comment_status":"closed","ping_status":"closed","template":"","meta":{"_acf_changed":false,"_eb_attr":"","inline_featured_image":false,"footnotes":""},"class_list":["post-5939","page","type-page","status-publish"],"acf":[],"yoast_head":"<!-- This site is optimized with the Yoast SEO plugin v27.4 - https:\/\/yoast.com\/product\/yoast-seo-wordpress\/ -->\n<title>President Pro Tempore - COSEFIN<\/title>\n<meta name=\"robots\" content=\"index, follow, max-snippet:-1, max-image-preview:large, max-video-preview:-1\" \/>\n<link rel=\"canonical\" href=\"https:\/\/cosefin.org\/en\/president-pro-tempore\/\" \/>\n<meta property=\"og:locale\" content=\"en_US\" \/>\n<meta property=\"og:type\" content=\"article\" \/>\n<meta property=\"og:title\" content=\"President Pro Tempore - COSEFIN\" \/>\n<meta property=\"og:description\" content=\"[vc_row type=&#8221;full_width_background&#8221; full_screen_row_position=&#8221;middle&#8221; column_margin=&#8221;default&#8221; column_direction=&#8221;default&#8221; column_direction_tablet=&#8221;default&#8221; column_direction_phone=&#8221;default&#8221; bg_color=&#8221;#0f1b2d&#8221; bg_image=&#8221;84&#8243; bg_position=&#8221;left top&#8221; background_image_loading=&#8221;default&#8221; bg_repeat=&#8221;no-repeat&#8221; scene_position=&#8221;center&#8221; top_padding=&#8221;60px&#8221; constrain_group_1=&#8221;yes&#8221; bottom_padding=&#8221;60px&#8221; text_color=&#8221;dark&#8221; text_align=&#8221;left&#8221; row_border_radius=&#8221;none&#8221; row_border_radius_applies=&#8221;bg&#8221; overflow=&#8221;visible&#8221; overlay_strength=&#8221;0.3&#8243; gradient_direction=&#8221;left_to_right&#8221; shape_divider_position=&#8221;bottom&#8221; bg_image_animation=&#8221;none&#8221; gradient_type=&#8221;default&#8221; shape_type=&#8221;&#8221;][vc_column column_padding=&#8221;no-extra-padding&#8221; column_padding_tablet=&#8221;inherit&#8221;...\" \/>\n<meta property=\"og:url\" content=\"https:\/\/cosefin.org\/en\/president-pro-tempore\/\" \/>\n<meta property=\"og:site_name\" content=\"COSEFIN\" \/>\n<meta property=\"article:publisher\" content=\"http:\/\/facebook.com\/secosefin\" \/>\n<meta property=\"article:modified_time\" content=\"2026-04-28T14:35:38+00:00\" \/>\n<meta name=\"twitter:card\" content=\"summary_large_image\" \/>\n<meta name=\"twitter:site\" content=\"@SECOSEFIN\" \/>\n<script type=\"application\/ld+json\" class=\"yoast-schema-graph\">{\"@context\":\"https:\\\/\\\/schema.org\",\"@graph\":[{\"@type\":\"WebPage\",\"@id\":\"https:\\\/\\\/cosefin.org\\\/en\\\/president-pro-tempore\\\/\",\"url\":\"https:\\\/\\\/cosefin.org\\\/en\\\/president-pro-tempore\\\/\",\"name\":\"President Pro Tempore - COSEFIN\",\"isPartOf\":{\"@id\":\"https:\\\/\\\/cosefin.org\\\/en\\\/#website\"},\"datePublished\":\"2022-11-14T00:29:14+00:00\",\"dateModified\":\"2026-04-28T14:35:38+00:00\",\"breadcrumb\":{\"@id\":\"https:\\\/\\\/cosefin.org\\\/en\\\/president-pro-tempore\\\/#breadcrumb\"},\"inLanguage\":\"en-US\",\"potentialAction\":[{\"@type\":\"ReadAction\",\"target\":[\"https:\\\/\\\/cosefin.org\\\/en\\\/president-pro-tempore\\\/\"]}]},{\"@type\":\"BreadcrumbList\",\"@id\":\"https:\\\/\\\/cosefin.org\\\/en\\\/president-pro-tempore\\\/#breadcrumb\",\"itemListElement\":[{\"@type\":\"ListItem\",\"position\":1,\"name\":\"Portada\",\"item\":\"https:\\\/\\\/cosefin.org\\\/en\\\/\"},{\"@type\":\"ListItem\",\"position\":2,\"name\":\"President Pro Tempore\"}]},{\"@type\":\"WebSite\",\"@id\":\"https:\\\/\\\/cosefin.org\\\/en\\\/#website\",\"url\":\"https:\\\/\\\/cosefin.org\\\/en\\\/\",\"name\":\"COSEFIN\",\"description\":\"Consejo de Ministros de Hacienda o Finanzas de Centroam\u00e9rica, Panam\u00e1 y Rep\u00fablica Dominicana\",\"publisher\":{\"@id\":\"https:\\\/\\\/cosefin.org\\\/en\\\/#organization\"},\"alternateName\":\"SECOSEFIN\",\"potentialAction\":[{\"@type\":\"SearchAction\",\"target\":{\"@type\":\"EntryPoint\",\"urlTemplate\":\"https:\\\/\\\/cosefin.org\\\/en\\\/?s={search_term_string}\"},\"query-input\":{\"@type\":\"PropertyValueSpecification\",\"valueRequired\":true,\"valueName\":\"search_term_string\"}}],\"inLanguage\":\"en-US\"},{\"@type\":\"Organization\",\"@id\":\"https:\\\/\\\/cosefin.org\\\/en\\\/#organization\",\"name\":\"COSEFIN\",\"url\":\"https:\\\/\\\/cosefin.org\\\/en\\\/\",\"logo\":{\"@type\":\"ImageObject\",\"inLanguage\":\"en-US\",\"@id\":\"https:\\\/\\\/cosefin.org\\\/en\\\/#\\\/schema\\\/logo\\\/image\\\/\",\"url\":\"https:\\\/\\\/cosefin.org\\\/wp-content\\\/uploads\\\/2022\\\/11\\\/Favicon.svg\",\"contentUrl\":\"https:\\\/\\\/cosefin.org\\\/wp-content\\\/uploads\\\/2022\\\/11\\\/Favicon.svg\",\"width\":114,\"height\":114,\"caption\":\"COSEFIN\"},\"image\":{\"@id\":\"https:\\\/\\\/cosefin.org\\\/en\\\/#\\\/schema\\\/logo\\\/image\\\/\"},\"sameAs\":[\"http:\\\/\\\/facebook.com\\\/secosefin\",\"https:\\\/\\\/x.com\\\/SECOSEFIN\"]}]}<\/script>\n<!-- \/ Yoast SEO plugin. -->","yoast_head_json":{"title":"President Pro Tempore - COSEFIN","robots":{"index":"index","follow":"follow","max-snippet":"max-snippet:-1","max-image-preview":"max-image-preview:large","max-video-preview":"max-video-preview:-1"},"canonical":"https:\/\/cosefin.org\/en\/president-pro-tempore\/","og_locale":"en_US","og_type":"article","og_title":"President Pro Tempore - COSEFIN","og_description":"[vc_row type=&#8221;full_width_background&#8221; full_screen_row_position=&#8221;middle&#8221; column_margin=&#8221;default&#8221; column_direction=&#8221;default&#8221; column_direction_tablet=&#8221;default&#8221; column_direction_phone=&#8221;default&#8221; bg_color=&#8221;#0f1b2d&#8221; bg_image=&#8221;84&#8243; bg_position=&#8221;left top&#8221; background_image_loading=&#8221;default&#8221; bg_repeat=&#8221;no-repeat&#8221; scene_position=&#8221;center&#8221; top_padding=&#8221;60px&#8221; constrain_group_1=&#8221;yes&#8221; bottom_padding=&#8221;60px&#8221; text_color=&#8221;dark&#8221; text_align=&#8221;left&#8221; row_border_radius=&#8221;none&#8221; row_border_radius_applies=&#8221;bg&#8221; overflow=&#8221;visible&#8221; overlay_strength=&#8221;0.3&#8243; gradient_direction=&#8221;left_to_right&#8221; shape_divider_position=&#8221;bottom&#8221; bg_image_animation=&#8221;none&#8221; gradient_type=&#8221;default&#8221; shape_type=&#8221;&#8221;][vc_column column_padding=&#8221;no-extra-padding&#8221; column_padding_tablet=&#8221;inherit&#8221;...","og_url":"https:\/\/cosefin.org\/en\/president-pro-tempore\/","og_site_name":"COSEFIN","article_publisher":"http:\/\/facebook.com\/secosefin","article_modified_time":"2026-04-28T14:35:38+00:00","twitter_card":"summary_large_image","twitter_site":"@SECOSEFIN","schema":{"@context":"https:\/\/schema.org","@graph":[{"@type":"WebPage","@id":"https:\/\/cosefin.org\/en\/president-pro-tempore\/","url":"https:\/\/cosefin.org\/en\/president-pro-tempore\/","name":"President Pro Tempore - COSEFIN","isPartOf":{"@id":"https:\/\/cosefin.org\/en\/#website"},"datePublished":"2022-11-14T00:29:14+00:00","dateModified":"2026-04-28T14:35:38+00:00","breadcrumb":{"@id":"https:\/\/cosefin.org\/en\/president-pro-tempore\/#breadcrumb"},"inLanguage":"en-US","potentialAction":[{"@type":"ReadAction","target":["https:\/\/cosefin.org\/en\/president-pro-tempore\/"]}]},{"@type":"BreadcrumbList","@id":"https:\/\/cosefin.org\/en\/president-pro-tempore\/#breadcrumb","itemListElement":[{"@type":"ListItem","position":1,"name":"Portada","item":"https:\/\/cosefin.org\/en\/"},{"@type":"ListItem","position":2,"name":"President Pro Tempore"}]},{"@type":"WebSite","@id":"https:\/\/cosefin.org\/en\/#website","url":"https:\/\/cosefin.org\/en\/","name":"COSEFIN","description":"Consejo de Ministros de Hacienda o Finanzas de Centroam\u00e9rica, Panam\u00e1 y Rep\u00fablica Dominicana","publisher":{"@id":"https:\/\/cosefin.org\/en\/#organization"},"alternateName":"SECOSEFIN","potentialAction":[{"@type":"SearchAction","target":{"@type":"EntryPoint","urlTemplate":"https:\/\/cosefin.org\/en\/?s={search_term_string}"},"query-input":{"@type":"PropertyValueSpecification","valueRequired":true,"valueName":"search_term_string"}}],"inLanguage":"en-US"},{"@type":"Organization","@id":"https:\/\/cosefin.org\/en\/#organization","name":"COSEFIN","url":"https:\/\/cosefin.org\/en\/","logo":{"@type":"ImageObject","inLanguage":"en-US","@id":"https:\/\/cosefin.org\/en\/#\/schema\/logo\/image\/","url":"https:\/\/cosefin.org\/wp-content\/uploads\/2022\/11\/Favicon.svg","contentUrl":"https:\/\/cosefin.org\/wp-content\/uploads\/2022\/11\/Favicon.svg","width":114,"height":114,"caption":"COSEFIN"},"image":{"@id":"https:\/\/cosefin.org\/en\/#\/schema\/logo\/image\/"},"sameAs":["http:\/\/facebook.com\/secosefin","https:\/\/x.com\/SECOSEFIN"]}]}},"_links":{"self":[{"href":"https:\/\/cosefin.org\/en\/wp-json\/wp\/v2\/pages\/5939","targetHints":{"allow":["GET"]}}],"collection":[{"href":"https:\/\/cosefin.org\/en\/wp-json\/wp\/v2\/pages"}],"about":[{"href":"https:\/\/cosefin.org\/en\/wp-json\/wp\/v2\/types\/page"}],"author":[{"embeddable":true,"href":"https:\/\/cosefin.org\/en\/wp-json\/wp\/v2\/users\/9"}],"replies":[{"embeddable":true,"href":"https:\/\/cosefin.org\/en\/wp-json\/wp\/v2\/comments?post=5939"}],"version-history":[{"count":2,"href":"https:\/\/cosefin.org\/en\/wp-json\/wp\/v2\/pages\/5939\/revisions"}],"predecessor-version":[{"id":5946,"href":"https:\/\/cosefin.org\/en\/wp-json\/wp\/v2\/pages\/5939\/revisions\/5946"}],"wp:attachment":[{"href":"https:\/\/cosefin.org\/en\/wp-json\/wp\/v2\/media?parent=5939"}],"curies":[{"name":"wp","href":"https:\/\/api.w.org\/{rel}","templated":true}]}}